[{"command":"settings","settings":{"basePath":"\/","pathPrefix":"es\/","ajaxPageState":{"theme":"andes","theme_token":"vrvgbihCfyho48aDCC7WcCFAVKijtlBs4Nk59KIc4wQ"},"googleCSE":{"cx":" 018231938674625582243:3vvh_kkbjuy","language":"","resultsWidth":600,"domain":"www.google.com","showWaterMark":0},"CToolsModal":{"modalSize":{"type":"scale","width":".9","height":".9","addWidth":0,"addHeight":0,"contentRight":25,"contentBottom":75},"modalOptions":{"opacity":".55","background-color":"#FFF"},"animationSpeed":"fast","modalTheme":"CToolsModalDialog","throbberTheme":"CToolsModalThrobber"},"panopoly_magic":{"pane_add_preview_mode":"single"}},"merge":true},{"command":"insert","method":"replaceWith","selector":"section.content","data":"\u003Csection id=\u0027plan-de-estudios-2\u0027class=\u0027content\u0027\u003E\u003Ch1 id=\u0027node-4143\u0027 class=\u0027content-item\u0027\u003EPlan de estudios\u003C\/h1\u003E\u003Cstyle type=\u0022text\/css\u0022\u003E.Encabezado{\r\nbackground-color:#95be22; \r\n\r\n}\r\n.estilo-linea1{\r\nbackground-color:white; \r\n}\r\n.estilo-linea2{\r\nbackground-color:#D5F5E3; \r\n}\r\n\u003C\/style\u003E\r\n\u003Cp class=\u0022rtejustify\u0022\u003E\u003Cspan style=\u0022font-family:arial,helvetica,sans-serif;\u0022\u003EL\u003C\/span\u003Ea especializaci\u00f3n consta de\u0026nbsp;10 materias, divididas en\u0026nbsp;3 per\u00edodos, equivalentes a\u0026nbsp;22 cr\u00e9ditos.\u003C\/p\u003E\r\n\r\n\u003Cp class=\u0022rtejustify\u0022\u003EA pesar de que los programas de especializaci\u00f3n no tienen como requisito el desarrollo de un trabajo de investigaci\u00f3n, se ha considerado importante la realizaci\u00f3n de un trabajo de aplicaci\u00f3n pr\u00e1ctica que complemente y permita integrar los conocimientos y temas presentados durante el programa.\u003C\/p\u003E\r\n\r\n\u003Cp class=\u0022rtejustify\u0022\u003ELos lineamientos generales del proyecto ser\u00e1n definidos de com\u00fan acuerdo entre los estudiantes y la coordinaci\u00f3n acad\u00e9mica. La coordinaci\u00f3n fijar\u00e1 los criterios dentro de los cuales se enmarcar\u00e1 el trabajo. Cada estudiante presentar\u00e1 una propuesta para su trabajo al final del Semestre de Vacaciones. Esta ser\u00e1 evaluada por la coordinaci\u00f3n acad\u00e9mica quien orientar\u00e1 a los estudiantes y definir\u00e1 de forma concertada con cada grupo, las estrategias generales para continuar con el proyecto. El trabajo definitivo ser\u00e1 defendido al final de la especializaci\u00f3n en una sesi\u00f3n abierta a estudiantes y docentes.\u003C\/p\u003E\r\n\r\n\u003Ccenter\u003E\r\n\u003Cdiv class=\u0022table-responsive\u0022\u003E\r\n\u003Ctable border=\u00220\u0022 cellpadding=\u00220\u0022 cellspacing=\u00220\u0022 class=\u0022table\u0022 style=\u0022width: 560px;\u0022 width=\u0022377\u0022\u003E\r\n\t\u003Ctbody\u003E\r\n\t\t\u003Ctr class=\u0022Encabezado\u0022 height=\u002237\u0022\u003E\r\n\t\t\t\u003Ctd height=\u002237\u0022 style=\u0022width: 133px;\u0022 width=\u002280\u0022\u003E\u003Cspan style=\u0022color:#FFFFFF;\u0022\u003E\u003Cspan style=\u0022font-size:16px;\u0022\u003E\u003Cstrong\u003ESemestre\u003C\/strong\u003E\u003C\/span\u003E\u003C\/span\u003E\u003C\/td\u003E\r\n\t\t\t\u003Ctd class=\u0022rtecenter\u0022 style=\u0022width: 123px;\u0022 width=\u002280\u0022\u003E\u003Cspan style=\u0022color:#FFFFFF;\u0022\u003E\u003Cspan style=\u0022font-size:16px;\u0022\u003E\u003Cstrong\u003EC\u00f3digo\u003C\/strong\u003E\u003C\/span\u003E\u003C\/span\u003E\u003C\/td\u003E\r\n\t\t\t\u003Ctd class=\u0022rteright\u0022 style=\u0022width: 231px;\u0022 width=\u0022137\u0022\u003E\u003Cspan style=\u0022color:#FFFFFF;\u0022\u003E\u003Cspan style=\u0022font-size:16px;\u0022\u003E\u003Cstrong\u003ENombre de la materia\u003C\/strong\u003E\u003C\/span\u003E\u003C\/span\u003E\u003C\/td\u003E\r\n\t\t\t\u003Ctd class=\u0022rteright\u0022 style=\u0022width: 71px;\u0022 width=\u002280\u0022\u003E\u003Cspan style=\u0022color:#FFFFFF;\u0022\u003E\u003Cspan style=\u0022font-size:16px;\u0022\u003E\u003Cstrong\u003ECr\u00e9ditos\u003C\/strong\u003E\u003C\/span\u003E\u003C\/span\u003E\u003C\/td\u003E\r\n\t\t\u003C\/tr\u003E\r\n\t\t\u003Ctr class=\u0022estilo-linea1\u0022 height=\u002219\u0022\u003E\r\n\t\t\t\u003Ctd height=\u0022112\u0022 rowspan=\u00224\u0022 style=\u0022width: 133px;\u0022 width=\u002280\u0022\u003E\r\n\t\t\t\u003Cp\u003E\u0026nbsp;\u003C\/p\u003E\r\n\r\n\t\t\t\u003Cp\u003E\u003Cspan style=\u0022background-color:#FFFFFF;\u0022\u003EPrimer semestre del a\u00f1o\u003C\/span\u003E\u003C\/p\u003E\r\n\r\n\t\t\t\u003Cp\u003E\u003Cspan style=\u0022background-color:#FFFFFF;\u0022\u003E(8 cr\u00e9ditos)\u003C\/span\u003E\u003C\/p\u003E\r\n\t\t\t\u003C\/td\u003E\r\n\t\t\t\u003Ctd class=\u0022rtecenter\u0022 style=\u0022width: 123px;\u0022 width=\u002280\u0022\u003ERHID-5110\u003C\/td\u003E\r\n\t\t\t\u003Ctd class=\u0022rteright\u0022 style=\u0022width: 231px;\u0022 width=\u0022137\u0022\u003EHidrolog\u00eda Urbana\u003C\/td\u003E\r\n\t\t\t\u003Ctd class=\u0022rteright\u0022 style=\u0022width: 71px;\u0022\u003E2\u003C\/td\u003E\r\n\t\t\u003C\/tr\u003E\r\n\t\t\u003Ctr class=\u0022estilo-linea2\u0022 height=\u002219\u0022\u003E\r\n\t\t\t\u003Ctd class=\u0022rtecenter\u0022 height=\u002219\u0022 style=\u0022width: 123px;\u0022 width=\u002280\u0022\u003ERHID-5111\u003C\/td\u003E\r\n\t\t\t\u003Ctd class=\u0022rteright\u0022 style=\u0022width: 231px;\u0022 width=\u0022137\u0022\u003EHidr\u00e1ulica de Redes\u003C\/td\u003E\r\n\t\t\t\u003Ctd class=\u0022rteright\u0022 style=\u0022width: 71px;\u0022\u003E3\u003C\/td\u003E\r\n\t\t\u003C\/tr\u003E\r\n\t\t\u003Ctr class=\u0022estilo-linea1\u0022 height=\u002237\u0022\u003E\r\n\t\t\t\u003Ctd class=\u0022rtecenter\u0022 height=\u002237\u0022 style=\u0022width: 123px;\u0022 width=\u002280\u0022\u003ERHID-5112\u003C\/td\u003E\r\n\t\t\t\u003Ctd class=\u0022rteright\u0022 style=\u0022width: 231px;\u0022 width=\u0022137\u0022\u003EQu\u00edmica y Potabilizaci\u00f3n\u0026nbsp;\u003C\/td\u003E\r\n\t\t\t\u003Ctd class=\u0022rteright\u0022 style=\u0022width: 71px;\u0022\u003E2\u003C\/td\u003E\r\n\t\t\u003C\/tr\u003E\r\n\t\t\u003Ctr class=\u0022estilo-linea2\u0022 height=\u002237\u0022\u003E\r\n\t\t\t\u003Ctd class=\u0022rtecenter\u0022 height=\u002237\u0022 style=\u0022width: 123px;\u0022 width=\u002280\u0022\u003ERHID-5113\u003C\/td\u003E\r\n\t\t\t\u003Ctd class=\u0022rteright\u0022 style=\u0022width: 231px;\u0022 width=\u0022137\u0022\u003EInstrumentaci\u00f3n y Sistemas de Control\u0026nbsp;\u003C\/td\u003E\r\n\t\t\t\u003Ctd class=\u0022rteright\u0022 style=\u0022width: 71px;\u0022\u003E1\u003C\/td\u003E\r\n\t\t\u003C\/tr\u003E\r\n\t\t\u003Ctr class=\u0022estilo-linea1\u0022 height=\u002275\u0022\u003E\r\n\t\t\t\u003Ctd height=\u002294\u0022 rowspan=\u00222\u0022 style=\u0022width: 133px;\u0022 width=\u002280\u0022\u003E\r\n\t\t\t\u003Cp\u003EPeriodo intersemestral\u0026nbsp;\u003C\/p\u003E\r\n\r\n\t\t\t\u003Cp\u003E(5 cr\u00e9ditos)\u003C\/p\u003E\r\n\t\t\t\u003C\/td\u003E\r\n\t\t\t\u003Ctd class=\u0022rtecenter\u0022 style=\u0022width: 123px;\u0022 width=\u002280\u0022\u003ERHID-5214\u003C\/td\u003E\r\n\t\t\t\u003Ctd class=\u0022rteright\u0022 style=\u0022width: 231px;\u0022 width=\u0022137\u0022\u003EProcesos Biol\u00f3gicos y Tratamiento de Aguas Residuales\u003C\/td\u003E\r\n\t\t\t\u003Ctd class=\u0022rteright\u0022 style=\u0022width: 71px;\u0022\u003E3\u003C\/td\u003E\r\n\t\t\u003C\/tr\u003E\r\n\t\t\u003Ctr class=\u0022estilo-linea2\u0022 height=\u002219\u0022\u003E\r\n\t\t\t\u003Ctd class=\u0022rtecenter\u0022 height=\u002219\u0022 style=\u0022width: 123px;\u0022 width=\u002280\u0022\u003ERHID-5216\u003C\/td\u003E\r\n\t\t\t\u003Ctd class=\u0022rteright\u0022 style=\u0022width: 231px;\u0022 width=\u0022137\u0022\u003EPlantas y Bombas\u003C\/td\u003E\r\n\t\t\t\u003Ctd class=\u0022rteright\u0022 style=\u0022width: 71px;\u0022\u003E2\u003C\/td\u003E\r\n\t\t\u003C\/tr\u003E\r\n\t\t\u003Ctr class=\u0022estilo-linea1\u0022 height=\u002237\u0022\u003E\r\n\t\t\t\u003Ctd height=\u0022187\u0022 rowspan=\u00225\u0022 style=\u0022width: 133px;\u0022 width=\u002280\u0022\u003E\r\n\t\t\t\u003Cp\u003E\u0026nbsp;\u003C\/p\u003E\r\n\r\n\t\t\t\u003Cp\u003E\u0026nbsp;\u003C\/p\u003E\r\n\r\n\t\t\t\u003Cp\u003E\u0026nbsp;\u003C\/p\u003E\r\n\r\n\t\t\t\u003Cp\u003ESegundo semestre del a\u00f1o\u003C\/p\u003E\r\n\r\n\t\t\t\u003Cp\u003E(9 cr\u00e9ditos)\u003C\/p\u003E\r\n\t\t\t\u003C\/td\u003E\r\n\t\t\t\u003Ctd class=\u0022rtecenter\u0022 style=\u0022width: 123px;\u0022 width=\u002280\u0022\u003ERHID-5316\u003C\/td\u003E\r\n\t\t\t\u003Ctd class=\u0022rteright\u0022 style=\u0022width: 231px;\u0022 width=\u0022137\u0022\u003EHidr\u00e1ulica del Drenaje Urbano\u0026nbsp;\u003C\/td\u003E\r\n\t\t\t\u003Ctd class=\u0022rteright\u0022 style=\u0022width: 71px;\u0022\u003E2\u003C\/td\u003E\r\n\t\t\u003C\/tr\u003E\r\n\t\t\u003Ctr class=\u0022estilo-linea2\u0022 height=\u002219\u0022\u003E\r\n\t\t\t\u003Ctd class=\u0022rtecenter\u0022 height=\u002219\u0022 style=\u0022width: 123px;\u0022 width=\u002280\u0022\u003ERHID-5317\u003C\/td\u003E\r\n\t\t\t\u003Ctd class=\u0022rteright\u0022 style=\u0022width: 231px;\u0022 width=\u0022137\u0022\u003EAguas Subterr\u00e1neas\u0026nbsp;\u003C\/td\u003E\r\n\t\t\t\u003Ctd class=\u0022rteright\u0022 style=\u0022width: 71px;\u0022\u003E1\u003C\/td\u003E\r\n\t\t\u003C\/tr\u003E\r\n\t\t\u003Ctr class=\u0022estilo-linea1\u0022 height=\u002256\u0022\u003E\r\n\t\t\t\u003Ctd class=\u0022rtecenter\u0022 height=\u002256\u0022 style=\u0022width: 123px;\u0022 width=\u002280\u0022\u003ERHID-5318\u003C\/td\u003E\r\n\t\t\t\u003Ctd class=\u0022rteright\u0022 style=\u0022width: 231px;\u0022 width=\u0022137\u0022\u003ELegalizaci\u00f3n y Aspectos Constructivos\u0026nbsp;\u003C\/td\u003E\r\n\t\t\t\u003Ctd class=\u0022rteright\u0022 style=\u0022width: 71px;\u0022\u003E2\u003C\/td\u003E\r\n\t\t\u003C\/tr\u003E\r\n\t\t\u003Ctr class=\u0022estilo-linea2\u0022 height=\u002256\u0022\u003E\r\n\t\t\t\u003Ctd class=\u0022rtecenter\u0022 height=\u002256\u0022 style=\u0022width: 123px;\u0022 width=\u002280\u0022\u003ERHID-5320\u003C\/td\u003E\r\n\t\t\t\u003Ctd class=\u0022rteright\u0022 style=\u0022width: 231px;\u0022 width=\u0022137\u0022\u003EAspectos Especiales de Calidad del Agua\u0026nbsp;\u003C\/td\u003E\r\n\t\t\t\u003Ctd class=\u0022rteright\u0022 style=\u0022width: 71px;\u0022\u003E2\u003C\/td\u003E\r\n\t\t\u003C\/tr\u003E\r\n\t\t\u003Ctr class=\u0022estilo-linea1\u0022 height=\u002219\u0022\u003E\r\n\t\t\t\u003Ctd class=\u0022rtecenter\u0022 height=\u002219\u0022 style=\u0022width: 123px;\u0022 width=\u002280\u0022\u003ERHID-5521\u003C\/td\u003E\r\n\t\t\t\u003Ctd class=\u0022rteright\u0022 style=\u0022width: 231px;\u0022 width=\u0022137\u0022\u003EProyecto de Grado\u003C\/td\u003E\r\n\t\t\t\u003Ctd class=\u0022rteright\u0022 style=\u0022width: 71px;\u0022\u003E2\u003C\/td\u003E\r\n\t\t\u003C\/tr\u003E\r\n\t\u003C\/tbody\u003E\r\n\u003C\/table\u003E\r\n\u003C\/div\u003E\r\n\u003C\/center\u003E\r\n\r\n\u003Ch2 class=\u0022rtejustify\u0022\u003E\u003Cstrong\u003EProgramaci\u00f3n\u003C\/strong\u003E\u003C\/h2\u003E\r\n\r\n\u003Cp class=\u0022rtejustify\u0022\u003ELas clases son presenciales y se dictar\u00e1n cada 15 d\u00edas en los siguientes horarios:\u003C\/p\u003E\r\n\r\n\u003Cul\u003E\r\n\t\u003Cli class=\u0022rtejustify\u0022\u003EJueves: 2:00pm -6:00pm\u003C\/li\u003E\r\n\t\u003Cli class=\u0022rtejustify\u0022\u003EViernes: 8:00am-6:00pm\u003C\/li\u003E\r\n\t\u003Cli class=\u0022rtejustify\u0022\u003ES\u00e1bado: 7:00am-12:50pm\u003C\/li\u003E\r\n\u003C\/ul\u003E\r\n\r\n\u003Ch2 class=\u0022rtejustify\u0022\u003E\u003Cstrong\u003EProfesores\u003C\/strong\u003E\u003C\/h2\u003E\r\n\u003Cstyle type=\u0022text\/css\u0022\u003E.flex-container {\r\n    display: flex;\r\n    flex-direction: row;\r\n    flex-wrap: wrap;\r\n    width: 100%;\r\n    margin: 0px;\r\n    justify-content: space-around;\r\n}\r\n\r\n.panel-item {\r\n    width: 15%;\r\n    max-width: 20%;\r\n    min-width: 200px;\r\n    border: 1px solid rgba(255,255,255,1);\r\n    height:415px;\r\n}\r\n\r\n.texto-Profesor {\r\n    text-align: center;\r\n    white-space: nowrap;\r\n}\r\n\r\n.link {\r\n    color: gray;\r\n    display: flex;\r\n    align-items:center;\r\n    justify-content: center;\r\n    text-align: center;\r\n}\r\n\r\n.link:hover {\r\n    color: #17a2b8;\r\n    text-decoration: underline;\r\n}\r\n\r\n.link:active {\r\n    color: blueviolet;\r\n}\r\n\r\n.btn {\r\n    background-color: gray;\r\n    color: white;\r\n    display: flex;\r\n    align-items:center;\r\n    justify-content: center;\r\n}\r\n\u003C\/style\u003E\r\n\u003Cdiv class=\u0022flex-container\u0022\u003E\u003C!-- primera caja --\u003E\r\n\u003Cdiv class=\u0022panel panel-item panel-success\u0022\u003E\r\n\u003Cdiv class=\u0022panel-heading\u0022 style=\u0022padding: 0;\u0022\u003E\u003Cimg alt=\u0022Avatar\u0022 class=\u0022img-responsive\u0022 height=\u0022100\u0022 src=\u0022\/sites\/default\/files\/imagenes-civil-ambiental\/mega-menu\/Programas\/especializaci\u00f3n\/manejo-integrado-del-medio-ambiente\/profesores\/juan-saldarriaga.jpg\u0022 width=\u0022267\u0022 \/\u003E\u003C\/div\u003E\r\n\r\n\u003Cdiv class=\u0022panel-body\u0022 style=\u0022padding: 8px \u0022\u003E\r\n\u003Cp class=\u0022texto-Profesor\u0022\u003E\u003Cstrong\u003EJuan\u003Cbr \/\u003E\r\nSaldarriaga\u003C\/strong\u003E\u003C\/p\u003E\r\n\u003C\/div\u003E\r\n\r\n\u003Cdiv class=\u0022panel-footer\u0022 style=\u0022height:115px\u0022\u003E\r\n\u003Cul style=\u0022padding: 0px 13px \u0022\u003E\r\n\t\u003Cli\u003EHidr\u00e1ulica de Redes\u003C\/li\u003E\r\n\t\u003Cli\u003EPlantas y Bombas\u003C\/li\u003E\r\n\t\u003Cli\u003EHidr\u00e1ulica de Drenaje Urbano\u003C\/li\u003E\r\n\u003C\/ul\u003E\r\n\u003C\/div\u003E\r\n\u003C\/div\u003E\r\n\u003C!-- segunda caja --\u003E\r\n\r\n\u003Cdiv class=\u0022panel panel-item panel-success\u0022\u003E\r\n\u003Cdiv class=\u0022panel-heading\u0022 style=\u0022padding: 0;\u0022\u003E\u003Cimg alt=\u0022Avatar\u0022 class=\u0022img-responsive\u0022 height=\u0022178\u0022 src=\u0022\/sites\/default\/files\/imagenes-civil-ambiental\/mega-menu\/Programas\/especializaci\u00f3n\/manejo-integrado-del-medio-ambiente\/profesores\/manuel-rodriguez.jpg\u0022 width=\u0022267\u0022 \/\u003E\u003C\/div\u003E\r\n\r\n\u003Cdiv class=\u0022panel-body\u0022 style=\u0022padding: 8px \u0022\u003E\r\n\u003Cp class=\u0022texto-Profesor\u0022\u003E\u003Cstrong\u003EManuel\u003Cbr \/\u003E\r\nRodr\u00edguez\u003C\/strong\u003E\u003C\/p\u003E\r\n\u003C\/div\u003E\r\n\r\n\u003Cdiv class=\u0022panel-footer\u0022 style=\u0022height:115px\u0022\u003E\r\n\u003Cul style=\u0022padding: 0px 13px \u0022\u003E\r\n\t\u003Cli\u003EQu\u00edmica y potabilizaci\u00f3n\u003C\/li\u003E\r\n\t\u003Cli\u003EProcesos Biol\u00f3gicos\u003C\/li\u003E\r\n\t\u003Cli\u003ECalidad del Agua\u003C\/li\u003E\r\n\u003C\/ul\u003E\r\n\u003C\/div\u003E\r\n\u003C\/div\u003E\r\n\u003C!-- tercera  caja --\u003E\r\n\r\n\u003Cdiv class=\u0022panel panel-item panel-success\u0022\u003E\r\n\u003Cdiv class=\u0022panel-heading\u0022 style=\u0022padding: 0;\u0022\u003E\u003Cimg alt=\u0022Avatar\u0022 class=\u0022img-responsive\u0022 height=\u0022178\u0022 src=\u0022\/sites\/default\/files\/imagenes-civil-ambiental\/mega-menu\/Programas\/especializaci\u00f3n\/manejo-integrado-del-medio-ambiente\/profesores\/nicanor-quijano.jpg\u0022 width=\u0022267\u0022 \/\u003E\u003C\/div\u003E\r\n\r\n\u003Cdiv class=\u0022panel-body\u0022 style=\u0022padding: 8px \u0022\u003E\r\n\u003Cp class=\u0022texto-Profesor\u0022\u003E\u003Cstrong\u003ENicanor\u003Cbr \/\u003E\r\nQuijano Silva\u003C\/strong\u003E\u003C\/p\u003E\r\n\u003C\/div\u003E\r\n\r\n\u003Cdiv class=\u0022panel-footer\u0022 style=\u0022height:115px\u0022\u003E\r\n\u003Cul style=\u0022padding: 0px 13px \u0022\u003E\r\n\t\u003Cli\u003EInstrumentaci\u00f3n y Sistemas de Control\u003C\/li\u003E\r\n\u003C\/ul\u003E\r\n\u003C\/div\u003E\r\n\u003C\/div\u003E\r\n\u003C!-- cuarta  caja --\u003E\r\n\r\n\u003Cdiv class=\u0022panel panel-item panel-success\u0022\u003E\r\n\u003Cdiv class=\u0022panel-heading\u0022 style=\u0022padding: 0;\u0022\u003E\u003Cimg alt=\u0022Avatar\u0022 class=\u0022img-responsive\u0022 height=\u0022178\u0022 src=\u0022\/sites\/default\/files\/imagenes-civil-ambiental\/mega-menu\/Programas\/especializaci\u00f3n\/manejo-integrado-del-medio-ambiente\/profesores\/johana-husserl.jpg\u0022 width=\u0022267\u0022 \/\u003E\u003C\/div\u003E\r\n\r\n\u003Cdiv class=\u0022panel-body\u0022 style=\u0022padding: 8px \u0022\u003E\r\n\u003Cp class=\u0022texto-Profesor\u0022\u003E\u003Cstrong\u003EJohanna\u003Cbr \/\u003E\r\nHusserl\u003C\/strong\u003E\u003C\/p\u003E\r\n\u003C\/div\u003E\r\n\r\n\u003Cdiv class=\u0022panel-footer\u0022 style=\u0022height:115px\u0022\u003E\r\n\u003Cul style=\u0022padding: 0px 13px \u0022\u003E\r\n\t\u003Cli\u003EInstrumentaci\u00f3n y Sistemas de Control\u003C\/li\u003E\r\n\u003C\/ul\u003E\r\n\u003C\/div\u003E\r\n\u003C\/div\u003E\r\n\u003C!-- novena  caja --\u003E\r\n\r\n\u003Cdiv class=\u0022panel panel-item panel-success\u0022\u003E\r\n\u003Cdiv class=\u0022panel-heading\u0022 style=\u0022padding: 0;\u0022\u003E\u003Cimg alt=\u0022Avatar\u0022 class=\u0022img-responsive\u0022 height=\u0022178\u0022 src=\u0022\/sites\/default\/files\/imagenes-civil-ambiental\/mega-menu\/Programas\/especializaci\u00f3n\/manejo-integrado-del-medio-ambiente\/profesores\/miguel-malagon.jpg\u0022 width=\u0022267\u0022 \/\u003E\u003C\/div\u003E\r\n\r\n\u003Cdiv class=\u0022panel-body\u0022 style=\u0022padding: 8px \u0022\u003E\r\n\u003Cp class=\u0022texto-Profesor\u0022\u003E\u003Cstrong\u003EMiguel\u003Cbr \/\u003E\r\nMalag\u00f3n\u003C\/strong\u003E\u003C\/p\u003E\r\n\u003C\/div\u003E\r\n\r\n\u003Cdiv class=\u0022panel-footer\u0022 style=\u0022height:115px\u0022\u003E\r\n\u003Cul style=\u0022padding: 0px 13px \u0022\u003E\r\n\t\u003Cli\u003ELegislaci\u00f3n y Aspectos Constructivos\u003C\/li\u003E\r\n\u003C\/ul\u003E\r\n\u003C\/div\u003E\r\n\u003C\/div\u003E\r\n\u003C!-- d\u00e9cima  caja --\u003E\r\n\r\n\u003Cdiv class=\u0022panel panel-item panel-success\u0022\u003E\r\n\u003Cdiv class=\u0022panel-heading\u0022 style=\u0022padding: 0;\u0022\u003E\u003Cimg alt=\u0022Avatar\u0022 class=\u0022img-responsive\u0022 height=\u0022178\u0022 src=\u0022\/sites\/default\/files\/imagenes-civil-ambiental\/mega-menu\/Programas\/especializaci\u00f3n\/manejo-integrado-del-medio-ambiente\/profesores\/juan-cordovez.jpg\u0022 width=\u0022267\u0022 \/\u003E\u003C\/div\u003E\r\n\r\n\u003Cdiv class=\u0022panel-body\u0022 style=\u0022padding: 8px \u0022\u003E\r\n\u003Cp class=\u0022texto-Profesor\u0022\u003E\u003Cstrong\u003EJuan Manuel\u003Cbr \/\u003E\r\nCordovez\u003C\/strong\u003E\u003C\/p\u003E\r\n\u003C\/div\u003E\r\n\r\n\u003Cdiv class=\u0022panel-footer\u0022 style=\u0022height:115px\u0022\u003E\r\n\u003Cul style=\u0022padding: 0px 13px \u0022\u003E\r\n\t\u003Cli\u003ECalidad del Agua\u003C\/li\u003E\r\n\u003C\/ul\u003E\r\n\u003C\/div\u003E\r\n\u003C\/div\u003E\r\n\u003C\/div\u003E\r\n\r\n\u003Cp class=\u0022rtejustify\u0022\u003E\u0026nbsp;\u003C\/p\u003E\r\n\r\n\u003Cp class=\u0022rtejustify\u0022\u003EPara mayor informaci\u00f3n dirigirse a:\u003C\/p\u003E\r\n\r\n\u003Cp class=\u0022rtejustify\u0022\u003E\u003Ca class=\u0022link-color-custom\u0022 href=\u0022https:\/\/ciacua.uniandes.edu.co\/\u0022\u003ECIACUA\u003C\/a\u003E\u0026nbsp;- Centro de Investigaci\u00f3n en Acueductos y Alcantarillados Tel. 3394949 Ext. 3066 - Oficina ML - 640, Bogot\u00e1 - Colombia.\u0026nbsp;\u003Ca class=\u0022link-color-custom\u0022 href=\u0022mailto:ciacuaespec@uniandes.edu.co\u0022\u003Eciacuaespec@uniandes.edu.co\u003C\/a\u003E\u003C\/p\u003E\r\n\r\n\u003Cp\u003E\u0026nbsp;\u003C\/p\u003E\r\n\u003C\/section\u003E","settings":null}]